{"id":2088,"date":"2024-07-02T17:07:38","date_gmt":"2024-07-02T20:07:38","guid":{"rendered":"https:\/\/educa.homer.com.br\/?post_type=mto-course&#038;p=2088"},"modified":"2024-07-05T12:31:01","modified_gmt":"2024-07-05T15:31:01","slug":"saber-imobiliario-dia-1-resumo","status":"publish","type":"mto-course","link":"https:\/\/educa.homer.com.br\/?mto-course=saber-imobiliario-dia-1-resumo","title":{"rendered":"Saber Imobili\u00e1rio Dia 1 &#8211; Resumo"},"content":{"rendered":"<p><span style=\"font-weight: 300;\">Ser corretor de im\u00f3veis vai al\u00e9m de fechar neg\u00f3cios. \u00c9 estar na linha de frente, mediando desejos e realidades, construindo pontes entre sonhos e conquistas tang\u00edveis. \u00c9 uma jornada que exige n\u00e3o apenas habilidades t\u00e9cnicas, mas tamb\u00e9m empatia, dedica\u00e7\u00e3o e vis\u00e3o.<\/span><\/p>\n<p>A quinta edi\u00e7\u00e3o do Saber Imobili\u00e1rio chegou com o tema &#8216;Ser e Pertencer\u2019, neste e-book voc\u00ea vai ter acesso ao resumo das palestras, com os principais insights e dicas sobre o mercado imobili\u00e1rio.\u00a0<\/p>\n<h4 class=\"heading-3\"><strong>A mentalidade do corretor de sucesso!<\/strong><\/h4>\n<div class=\"text-block-2\">\n<div class=\"div-line-point\">Ricardo Martins \u00e9 um destacado expoente no mercado imobili\u00e1rio nacional. Suas redes sociais acumulam mais de 90 milh\u00f5es de visualiza\u00e7\u00f5es mensais. At\u00e9 mar\u00e7o deste ano, foi s\u00f3cio da My Broker, empresa que movimentou mais de 3 bilh\u00f5es de reais em vendas no ano passado. Reconhecido como o maior treinador de profissionais do setor imobili\u00e1rio brasileiro, Ricardo j\u00e1 formou mais de 15 mil alunos. Atualmente, conta com mais de 3 milh\u00f5es de seguidores em suas redes sociais.<\/p>\n<p>Ricardo Martins discutir\u00e1 os aspectos que transcendem as percep\u00e7\u00f5es comuns sobre a carreira de corretor de im\u00f3veis. Para al\u00e9m da imagem estereotipada que inclui vestimentas e bens materiais, ele abordar\u00e1 um dos elementos mais cruciais para o \u00eaxito nesta profiss\u00e3o: a mentalidade do corretor.<\/p><\/div>\n<\/div>\n","protected":false},"excerpt":{"rendered":"<p>Ser corretor de im\u00f3veis vai al\u00e9m de fechar neg\u00f3cios. \u00c9 estar na linha de frente, mediando desejos e&hellip;<\/p>\n","protected":false},"author":3,"featured_media":2092,"template":"","meta":[],"_links":{"self":[{"href":"https:\/\/educa.homer.com.br\/index.php?rest_route=\/wp\/v2\/mto-course\/2088"}],"collection":[{"href":"https:\/\/educa.homer.com.br\/index.php?rest_route=\/wp\/v2\/mto-course"}],"about":[{"href":"https:\/\/educa.homer.com.br\/index.php?rest_route=\/wp\/v2\/types\/mto-course"}],"author":[{"embeddable":true,"href":"https:\/\/educa.homer.com.br\/index.php?rest_route=\/wp\/v2\/users\/3"}],"version-history":[{"count":2,"href":"https:\/\/educa.homer.com.br\/index.php?rest_route=\/wp\/v2\/mto-course\/2088\/revisions"}],"predecessor-version":[{"id":2102,"href":"https:\/\/educa.homer.com.br\/index.php?rest_route=\/wp\/v2\/mto-course\/2088\/revisions\/2102"}],"wp:featuredmedia":[{"embeddable":true,"href":"https:\/\/educa.homer.com.br\/index.php?rest_route=\/wp\/v2\/media\/2092"}],"wp:attachment":[{"href":"https:\/\/educa.homer.com.br\/index.php?rest_route=%2Fwp%2Fv2%2Fmedia&parent=2088"}],"curies":[{"name":"wp","href":"https:\/\/api.w.org\/{rel}","templated":true}]}}